{"id":218,"date":"2020-10-12T10:16:08","date_gmt":"2020-10-12T10:16:08","guid":{"rendered":"http:\/\/ceipsanfranciscocajar.es\/?page_id=218"},"modified":"2022-04-22T09:39:14","modified_gmt":"2022-04-22T07:39:14","slug":"ampa","status":"publish","type":"page","link":"https:\/\/ceipsanfranciscocajar.es\/index.php\/ampa\/","title":{"rendered":"AMPA"},"content":{"rendered":"\t\t<div data-elementor-type=\"wp-page\" data-elementor-id=\"218\" class=\"elementor elementor-218\" data-elementor-settings=\"[]\">\n\t\t\t\t\t\t<div class=\"elementor-inner\">\n\t\t\t\t\t\t\t<div class=\"elementor-section-wrap\">\n\t\t\t\t\t\t\t<section class=\"elementor-section elementor-top-section elementor-element elementor-element-f56b14f elementor-section-boxed elementor-section-height-default elementor-section-height-default elementor-invisible\" data-id=\"f56b14f\" data-element_type=\"section\" data-settings=\"{&quot;animation&quot;:&quot;slideInLeft&quot;}\">\n\t\t\t\t\t\t<div class=\"elementor-container elementor-column-gap-no\">\n\t\t\t\t\t\t\t<div class=\"elementor-row\">\n\t\t\t\t\t<div class=\"elementor-column elementor-col-100 elementor-top-column elementor-element elementor-element-b37f9c6\" data-id=\"b37f9c6\" data-element_type=\"column\">\n\t\t\t<div class=\"elementor-column-wrap elementor-element-populated\">\n\t\t\t\t\t\t\t<div class=\"elementor-widget-wrap\">\n\t\t\t\t\t\t<section class=\"elementor-section elementor-inner-section elementor-element elementor-element-223228c elementor-section-boxed elementor-section-height-default elementor-section-height-default\" data-id=\"223228c\" data-element_type=\"section\">\n\t\t\t\t\t\t<div class=\"elementor-container elementor-column-gap-default\">\n\t\t\t\t\t\t\t<div class=\"elementor-row\">\n\t\t\t\t\t<div class=\"elementor-column elementor-col-50 elementor-inner-column elementor-element elementor-element-6adb43f\" data-id=\"6adb43f\" data-element_type=\"column\">\n\t\t\t<div class=\"elementor-column-wrap elementor-element-populated\">\n\t\t\t\t\t\t\t<div class=\"elementor-widget-wrap\">\n\t\t\t\t\t\t<div class=\"elementor-element elementor-element-565cd91 elementor-widget elementor-widget-image\" data-id=\"565cd91\" data-element_type=\"widget\" data-widget_type=\"image.default\">\n\t\t\t\t<div class=\"elementor-widget-container\">\n\t\t\t\t\t<div class=\"elementor-image\">\n\t\t\t\t\t\t\t\t\t\t<img width=\"300\" height=\"292\" src=\"https:\/\/ceipsanfranciscocajar.es\/wp-content\/uploads\/2020\/10\/cropped-Sin-fondo-3-300x292-1.jpg\" class=\"elementor-animation-grow attachment-medium size-medium\" alt=\"AMPA Almenara\" loading=\"lazy\" \/>\t\t\t\t\t\t\t\t\t\t\t<\/div>\n\t\t\t\t<\/div>\n\t\t\t\t<\/div>\n\t\t\t\t\t\t<\/div>\n\t\t\t\t\t<\/div>\n\t\t<\/div>\n\t\t\t\t<div class=\"elementor-column elementor-col-50 elementor-inner-column elementor-element elementor-element-b2f84ff\" data-id=\"b2f84ff\" data-element_type=\"column\">\n\t\t\t<div class=\"elementor-column-wrap elementor-element-populated\">\n\t\t\t\t\t\t\t<div class=\"elementor-widget-wrap\">\n\t\t\t\t\t\t<div class=\"elementor-element elementor-element-f3726af elementor-widget elementor-widget-heading\" data-id=\"f3726af\" data-element_type=\"widget\" data-widget_type=\"heading.default\">\n\t\t\t\t<div class=\"elementor-widget-container\">\n\t\t\t<h2 class=\"elementor-heading-title elementor-size-default\">AMPA ALMENARA<\/h2>\t\t<\/div>\n\t\t\t\t<\/div>\n\t\t\t\t<div class=\"elementor-element elementor-element-ebf5c7d elementor-widget elementor-widget-heading\" data-id=\"ebf5c7d\" data-element_type=\"widget\" data-widget_type=\"heading.default\">\n\t\t\t\t<div class=\"elementor-widget-container\">\n\t\t\t<h2 class=\"elementor-heading-title elementor-size-default\">Asociaci\u00f3n de Madres y Padres del CEIP San Francisco<\/h2>\t\t<\/div>\n\t\t\t\t<\/div>\n\t\t\t\t<div class=\"elementor-element elementor-element-fe5fa1f elementor-widget elementor-widget-text-editor\" data-id=\"fe5fa1f\" data-element_type=\"widget\" data-widget_type=\"text-editor.default\">\n\t\t\t\t<div class=\"elementor-widget-container\">\n\t\t\t\t\t<div class=\"elementor-text-editor elementor-clearfix\"><p>Queremos daros la bienvenida\u00a0 y animaros a formar parte de la asociaci\u00f3n de forma activa, cada uno en la medida de sus posibilidades, haci\u00e9ndoos socios, aportando ideas, sugerencias y colaborando activamente en los eventos que se lleven a cabo.<\/p><\/div>\n\t\t\t\t<\/div>\n\t\t\t\t<\/div>\n\t\t\t\t<div class=\"elementor-element elementor-element-b686240 elementor-grid-1 elementor-shape-rounded elementor-invisible elementor-widget elementor-widget-social-icons\" data-id=\"b686240\" data-element_type=\"widget\" data-settings=\"{&quot;_animation&quot;:&quot;fadeIn&quot;}\" data-widget_type=\"social-icons.default\">\n\t\t\t\t<div class=\"elementor-widget-container\">\n\t\t\t\t\t<div class=\"elementor-social-icons-wrapper elementor-grid\">\n\t\t\t\t\t\t\t<div class=\"elementor-grid-item\">\n\t\t\t\t\t<a class=\"elementor-icon elementor-social-icon elementor-social-icon-facebook elementor-repeater-item-389c835\" href=\"https:\/\/www.facebook.com\/Ampa-Almenara-C%C3%A1jar-418179385439519\/\" target=\"_blank\">\n\t\t\t\t\t\t<span class=\"elementor-screen-only\">Facebook<\/span>\n\t\t\t\t\t\t<i class=\"fab fa-facebook\"><\/i>\t\t\t\t\t<\/a>\n\t\t\t\t<\/div>\n\t\t\t\t\t<\/div>\n\t\t\t\t<\/div>\n\t\t\t\t<\/div>\n\t\t\t\t\t\t<\/div>\n\t\t\t\t\t<\/div>\n\t\t<\/div>\n\t\t\t\t\t\t\t\t<\/div>\n\t\t\t\t\t<\/div>\n\t\t<\/section>\n\t\t\t\t\t\t<\/div>\n\t\t\t\t\t<\/div>\n\t\t<\/div>\n\t\t\t\t\t\t\t\t<\/div>\n\t\t\t\t\t<\/div>\n\t\t<\/section>\n\t\t\t\t<section class=\"elementor-section elementor-top-section elementor-element elementor-element-5b41b90 elementor-section-boxed elementor-section-height-default elementor-section-height-default elementor-invisible\" data-id=\"5b41b90\" data-element_type=\"section\" data-settings=\"{&quot;animation&quot;:&quot;fadeIn&quot;}\">\n\t\t\t\t\t\t<div class=\"elementor-container elementor-column-gap-default\">\n\t\t\t\t\t\t\t<div class=\"elementor-row\">\n\t\t\t\t\t<div class=\"elementor-column elementor-col-100 elementor-top-column elementor-element elementor-element-718d198\" data-id=\"718d198\" data-element_type=\"column\">\n\t\t\t<div class=\"elementor-column-wrap elementor-element-populated\">\n\t\t\t\t\t\t\t<div class=\"elementor-widget-wrap\">\n\t\t\t\t\t\t<div class=\"elementor-element elementor-element-8a71ab4 elementor-widget elementor-widget-text-editor\" data-id=\"8a71ab4\" data-element_type=\"widget\" data-widget_type=\"text-editor.default\">\n\t\t\t\t<div class=\"elementor-widget-container\">\n\t\t\t\t\t<div class=\"elementor-text-editor elementor-clearfix\"><p><span class=\"su-dropcap su-dropcap-style-flat\" style=\"font-size:2em\">D<\/span>amos la bienvenida a las familias que se incorporan en el nuevo curso y os invitamos, si a\u00fan no lo hab\u00e9is hecho a que os un\u00e1is a nosotros.<\/p><p>Somos una asociaci\u00f3n sin \u00e1nimo de lucro comprometidos con la educaci\u00f3n de nuestros hijos\/as y cuyos fines son entre otros:<\/p><ul><li>Colaborar con la mejora de la calidad de la ense\u00f1anza y de la formaci\u00f3n integral de los alumnos\/as, as\u00ed como potenciar las relaciones de la comunidad educativa.<\/li><li>Colaborar en las actividades educativas del centro.<\/li><li>Organizaci\u00f3n y financiaci\u00f3n de actividades de car\u00e1cter cultural.<\/li><li>Representar y defender los intereses y los derechos de las familias del centro escolar, inform\u00e1ndolos de los procedimientos adecuados para ello.<\/li><li>Fomentar jornadas y sesiones informativas destinadas a los padres\/madres, sobre temas que interesen a la educaci\u00f3n de los hijos y a su derecho a intervenir en el control y gesti\u00f3n de los centros.\u00a0<\/li><\/ul><\/div>\n\t\t\t\t<\/div>\n\t\t\t\t<\/div>\n\t\t\t\t\t\t<\/div>\n\t\t\t\t\t<\/div>\n\t\t<\/div>\n\t\t\t\t\t\t\t\t<\/div>\n\t\t\t\t\t<\/div>\n\t\t<\/section>\n\t\t\t\t<section class=\"elementor-section elementor-top-section elementor-element elementor-element-72f305a elementor-section-boxed elementor-section-height-default elementor-section-height-default elementor-invisible\" data-id=\"72f305a\" data-element_type=\"section\" data-settings=\"{&quot;animation&quot;:&quot;fadeInLeft&quot;}\">\n\t\t\t\t\t\t<div class=\"elementor-container elementor-column-gap-default\">\n\t\t\t\t\t\t\t<div class=\"elementor-row\">\n\t\t\t\t\t<div class=\"elementor-column elementor-col-100 elementor-top-column elementor-element elementor-element-8d2a705\" data-id=\"8d2a705\" data-element_type=\"column\">\n\t\t\t<div class=\"elementor-column-wrap elementor-element-populated\">\n\t\t\t\t\t\t\t<div class=\"elementor-widget-wrap\">\n\t\t\t\t\t\t<div class=\"elementor-element elementor-element-a45e2c7 elementor-widget elementor-widget-heading\" data-id=\"a45e2c7\" data-element_type=\"widget\" data-widget_type=\"heading.default\">\n\t\t\t\t<div class=\"elementor-widget-container\">\n\t\t\t<h2 class=\"elementor-heading-title elementor-size-default\">Modo de participaci\u00f3n.<\/h2>\t\t<\/div>\n\t\t\t\t<\/div>\n\t\t\t\t<div class=\"elementor-element elementor-element-17c6d54 elementor-widget elementor-widget-text-editor\" data-id=\"17c6d54\" data-element_type=\"widget\" data-widget_type=\"text-editor.default\">\n\t\t\t\t<div class=\"elementor-widget-container\">\n\t\t\t\t\t<div class=\"elementor-text-editor elementor-clearfix\"><p><span class=\"su-dropcap su-dropcap-style-flat\" style=\"font-size:2em\">P<\/span>ara ser socio de la AMPA es necesario abonar la cuota establecida que es de 12 euros por familia. Pero adem\u00e1s, nuestra asociaci\u00f3n necesita que sus socios\/as sean activos\/as. Pod\u00e9is poneros en contacto con nosotros\/as para cualquier duda, sugerencia, petici\u00f3n, queja, etc&#8230; a trav\u00e9s de correo electr\u00f3nico o a trav\u00e9s de la reuniones mensuales.<\/p><\/div>\n\t\t\t\t<\/div>\n\t\t\t\t<\/div>\n\t\t\t\t<div class=\"elementor-element elementor-element-b21a9f4 elementor-widget elementor-widget-heading\" data-id=\"b21a9f4\" data-element_type=\"widget\" data-widget_type=\"heading.default\">\n\t\t\t\t<div class=\"elementor-widget-container\">\n\t\t\t<h2 class=\"elementor-heading-title elementor-size-default\">ES20 3023 0160 0550 9983 4003<\/h2>\t\t<\/div>\n\t\t\t\t<\/div>\n\t\t\t\t<div class=\"elementor-element elementor-element-3e39484 elementor-widget elementor-widget-text-editor\" data-id=\"3e39484\" data-element_type=\"widget\" data-widget_type=\"text-editor.default\">\n\t\t\t\t<div class=\"elementor-widget-container\">\n\t\t\t\t\t<div class=\"elementor-text-editor elementor-clearfix\"><p>Ingreso en cuenta de Caja Rural de Granada.<\/p><ul><li>Mediante pago en mano a la directiva y se os entregar\u00e1 el correspondiente recibo de pago.<\/li><\/ul><\/div>\n\t\t\t\t<\/div>\n\t\t\t\t<\/div>\n\t\t\t\t\t\t<\/div>\n\t\t\t\t\t<\/div>\n\t\t<\/div>\n\t\t\t\t\t\t\t\t<\/div>\n\t\t\t\t\t<\/div>\n\t\t<\/section>\n\t\t\t\t\t\t<\/div>\n\t\t\t\t\t\t<\/div>\n\t\t\t\t\t<\/div>\n\t\t","protected":false},"excerpt":{"rendered":"<p>AMPA ALMENARA Asociaci\u00f3n de Madres y Padres del CEIP San Francisco Queremos daros la bienvenida&nbsp; y animaros a formar parte de la asociaci\u00f3n de forma activa, cada uno en la medida de sus posibilidades, haci\u00e9ndoos socios, aportando ideas, sugerencias y colaborando activamente en los eventos que se lleven a cabo. Facebook amos la bienvenida a las familias que se incorporan<\/p>\n<p><a class=\"more-link\" href=\"https:\/\/ceipsanfranciscocajar.es\/index.php\/ampa\/\">Leer m\u00e1s<\/a><\/p>\n","protected":false},"author":1,"featured_media":0,"parent":0,"menu_order":0,"comment_status":"closed","ping_status":"closed","template":"","meta":[],"_links":{"self":[{"href":"https:\/\/ceipsanfranciscocajar.es\/index.php\/wp-json\/wp\/v2\/pages\/218"}],"collection":[{"href":"https:\/\/ceipsanfranciscocajar.es\/index.php\/wp-json\/wp\/v2\/pages"}],"about":[{"href":"https:\/\/ceipsanfranciscocajar.es\/index.php\/wp-json\/wp\/v2\/types\/page"}],"author":[{"embeddable":true,"href":"https:\/\/ceipsanfranciscocajar.es\/index.php\/wp-json\/wp\/v2\/users\/1"}],"replies":[{"embeddable":true,"href":"https:\/\/ceipsanfranciscocajar.es\/index.php\/wp-json\/wp\/v2\/comments?post=218"}],"version-history":[{"count":10,"href":"https:\/\/ceipsanfranciscocajar.es\/index.php\/wp-json\/wp\/v2\/pages\/218\/revisions"}],"predecessor-version":[{"id":485,"href":"https:\/\/ceipsanfranciscocajar.es\/index.php\/wp-json\/wp\/v2\/pages\/218\/revisions\/485"}],"wp:attachment":[{"href":"https:\/\/ceipsanfranciscocajar.es\/index.php\/wp-json\/wp\/v2\/media?parent=218"}],"curies":[{"name":"wp","href":"https:\/\/api.w.org\/{rel}","templated":true}]}}